{"id":2951,"date":"2022-01-15T22:48:10","date_gmt":"2022-01-15T22:48:10","guid":{"rendered":"https:\/\/leilabock.ch\/?page_id=2951"},"modified":"2022-06-02T07:13:33","modified_gmt":"2022-06-02T07:13:33","slug":"geiler-block-fahnenfabrik-sg","status":"publish","type":"page","link":"https:\/\/leilabock.ch\/index.php\/geiler-block-fahnenfabrik-sg\/","title":{"rendered":"Geiler Block Fahnenfabrik SG"},"content":{"rendered":"<p>[et_pb_section fb_built=&#8220;1&#8243; admin_label=&#8220;Sektion&#8220; _builder_version=&#8220;4.16&#8243; background_enable_image=&#8220;off&#8220; background_blend=&#8220;multiply&#8220; width_tablet=&#8220;&#8220; width_phone=&#8220;&#8220; width_last_edited=&#8220;on|phone&#8220; module_alignment=&#8220;center&#8220; custom_padding=&#8220;71px||0px||false|false&#8220; module_alignment_tablet=&#8220;&#8220; module_alignment_phone=&#8220;left&#8220; module_alignment_last_edited=&#8220;on|phone&#8220; global_colors_info=&#8220;{}&#8220;][et_pb_row column_structure=&#8220;1_2,1_2&#8243; _builder_version=&#8220;4.16&#8243; _module_preset=&#8220;default&#8220; global_colors_info=&#8220;{}&#8220;][et_pb_column type=&#8220;1_2&#8243; _builder_version=&#8220;4.16&#8243; _module_preset=&#8220;default&#8220; global_colors_info=&#8220;{}&#8220;][et_pb_image src=&#8220;https:\/\/leilabock.ch\/wp-content\/uploads\/2022\/03\/IMG_4585.jpg&#8220; title_text=&#8220;IMG_4585&#8243; _builder_version=&#8220;4.16&#8243; _module_preset=&#8220;default&#8220; global_colors_info=&#8220;{}&#8220;][\/et_pb_image][\/et_pb_column][et_pb_column type=&#8220;1_2&#8243; _builder_version=&#8220;4.16&#8243; _module_preset=&#8220;default&#8220; global_colors_info=&#8220;{}&#8220;][et_pb_image src=&#8220;https:\/\/leilabock.ch\/wp-content\/uploads\/2022\/03\/IMG_5085-rotated.jpeg&#8220; title_text=&#8220;IMG_5085&#8243; force_fullwidth=&#8220;on&#8220; _builder_version=&#8220;4.16&#8243; _module_preset=&#8220;default&#8220; global_colors_info=&#8220;{}&#8220;][\/et_pb_image][\/et_pb_column][\/et_pb_row][et_pb_row _builder_version=&#8220;4.16&#8243; global_colors_info=&#8220;{}&#8220;][et_pb_column type=&#8220;4_4&#8243; _builder_version=&#8220;4.16&#8243; custom_padding=&#8220;|||&#8220; global_colors_info=&#8220;{}&#8220; custom_padding__hover=&#8220;|||&#8220;][et_pb_text admin_label=&#8220;Titel Geiler Block Fahnenfabrik&#8220; _builder_version=&#8220;4.17.4&#8243; _module_preset=&#8220;default&#8220; global_colors_info=&#8220;{}&#8220;]<\/p>\n<h1>Geiler Block Fahnenfabrik SG<\/h1>\n<p>[\/et_pb_text][et_pb_divider show_divider=&#8220;off&#8220; _builder_version=&#8220;4.16&#8243; _module_preset=&#8220;default&#8220; global_colors_info=&#8220;{}&#8220;][\/et_pb_divider][et_pb_text admin_label=&#8220;Titel Datum&#8220; _builder_version=&#8220;4.16&#8243; custom_margin=&#8220;-28px|||||&#8220; global_colors_info=&#8220;{}&#8220;]<\/p>\n<h2>17.\u201320. M\u00e4rz 2022<\/h2>\n<p>[\/et_pb_text][et_pb_text admin_label=&#8220;Titel Bilder&#8220; _builder_version=&#8220;4.17.4&#8243; _module_preset=&#8220;default&#8220; global_colors_info=&#8220;{}&#8220;]<\/p>\n<h2>Werke<\/h2>\n<p>[\/et_pb_text][\/et_pb_column][\/et_pb_row][\/et_pb_section][et_pb_section fb_built=&#8220;1&#8243; _builder_version=&#8220;4.16&#8243; _module_preset=&#8220;default&#8220; global_colors_info=&#8220;{}&#8220;][et_pb_row column_structure=&#8220;2_5,3_5&#8243; _builder_version=&#8220;4.16&#8243; _module_preset=&#8220;default&#8220; custom_margin=&#8220;-60px||||false|false&#8220; global_colors_info=&#8220;{}&#8220;][et_pb_column type=&#8220;2_5&#8243; _builder_version=&#8220;4.16&#8243; _module_preset=&#8220;default&#8220; global_colors_info=&#8220;{}&#8220;][et_pb_gallery gallery_ids=&#8220;3544,3546,3549,3550,3553,3555,3556,3557,3559,3560,3561,3562,3726,3727,3728,3729,3730,3731,3732,3733,3734,3735,3737,3738,3736,3739,3740,3742,3825,3824,3657,3658,3659,3662,3663&#8243; fullwidth=&#8220;on&#8220; dbdb_version=&#8220;3.8.7&#8243; admin_label=&#8220;Werke hoch Gallery&#8220; _builder_version=&#8220;4.16&#8243; _module_preset=&#8220;default&#8220; pagination_text_color=&#8220;RGBA(255,255,255,0)&#8220; background_layout=&#8220;dark&#8220; custom_css_main_element=&#8220;\t&#8220; global_colors_info=&#8220;{}&#8220;][\/et_pb_gallery][\/et_pb_column][et_pb_column type=&#8220;3_5&#8243; _builder_version=&#8220;4.16&#8243; _module_preset=&#8220;default&#8220; global_colors_info=&#8220;{}&#8220;][et_pb_gallery gallery_ids=&#8220;3563,3564,3565,3566,3568,3569,3570,3572,3698,3699,3700,3703,3704,3789,3705,3706,3708,3709,3710,3712,3713,3715,3716,3828,3835&#8243; fullwidth=&#8220;on&#8220; dbdb_version=&#8220;3.8.7&#8243; admin_label=&#8220;Werke quer Gallery&#8220; _builder_version=&#8220;4.16&#8243; _module_preset=&#8220;default&#8220; title_text_color=&#8220;RGBA(255,255,255,0)&#8220; pagination_text_color=&#8220;RGBA(255,255,255,0)&#8220; background_layout=&#8220;dark&#8220; global_colors_info=&#8220;{}&#8220;][\/et_pb_gallery][et_pb_text admin_label=&#8220;Titel Text Werke&#8220; _builder_version=&#8220;4.17.4&#8243; _module_preset=&#8220;default&#8220; global_colors_info=&#8220;{}&#8220; hover_enabled=&#8220;0&#8243; sticky_enabled=&#8220;0&#8243;]<\/p>\n<p>Fotos von Stefan Rohner,\u00a0 Jacques Erlanger, Marianne Rinderknecht und Anita Zimmermann<\/p>\n<p>&nbsp;<\/p>\n<p>[\/et_pb_text][\/et_pb_column][\/et_pb_row][et_pb_row column_structure=&#8220;3_5,2_5&#8243; _builder_version=&#8220;4.16&#8243; _module_preset=&#8220;default&#8220; global_colors_info=&#8220;{}&#8220;][et_pb_column type=&#8220;3_5&#8243; _builder_version=&#8220;4.16&#8243; _module_preset=&#8220;default&#8220; global_colors_info=&#8220;{}&#8220;][et_pb_text admin_label=&#8220;Text People&#8220; _builder_version=&#8220;4.17.4&#8243; _module_preset=&#8220;default&#8220; hover_enabled=&#8220;0&#8243; global_colors_info=&#8220;{}&#8220; sticky_enabled=&#8220;0&#8243;]<\/p>\n<h2>People<\/h2>\n<p>Fotos von Stefan Rohner,\u00a0 Jacques Erlanger, Marianne Rinderknecht und Anita Zimmermann<\/p>\n<p>[\/et_pb_text][et_pb_gallery gallery_ids=&#8220;3579,3580,3581,3582,3583,3584,3585,3587,3588,3589,3590,3591,3592,3593,3594,3595,3596,3597,3598,3599,3600,3601,3602,3603,3604,3605,3606,3607,3608,3609,3610,3611,3612,3796,3797,3798,3799,3800,3801,3802,3803,3804,3805,3806,3807,3808,3809,3810,3811,3812,3813,3814,3815,3960,3959,3958&#8243; fullwidth=&#8220;on&#8220; dbdb_version=&#8220;3.8.7&#8243; admin_label=&#8220;People quer Gallery&#8220; _builder_version=&#8220;4.16&#8243; _module_preset=&#8220;default&#8220; pagination_text_color=&#8220;RGBA(255,255,255,0)&#8220; background_layout=&#8220;dark&#8220; custom_css_main_element=&#8220;\t&#8220; global_colors_info=&#8220;{}&#8220;][\/et_pb_gallery][\/et_pb_column][et_pb_column type=&#8220;2_5&#8243; _builder_version=&#8220;4.16&#8243; _module_preset=&#8220;default&#8220; global_colors_info=&#8220;{}&#8220;][et_pb_gallery gallery_ids=&#8220;3615,3616,3617,3618,3620,3621,3622,3623,3624,3625,3626,3627,3628,3629,3630,3633,3634,3635,3636,3637,3638,3639,3640,3641,3642,3643,3644,3645,3646,3647,3648,3649,3650,3651,3652,3653,3654,3655,3656,3664,3665,3666,3667,3668,3669,3670,3671,3672,3673,3674,3675,3676,3677,3678,3792,3793,3794,3795,3816,3839&#8243; fullwidth=&#8220;on&#8220; dbdb_version=&#8220;3.8.7&#8243; admin_label=&#8220;People hoch Gallery&#8220; _builder_version=&#8220;4.16&#8243; _module_preset=&#8220;default&#8220; title_text_color=&#8220;RGBA(255,255,255,0)&#8220; pagination_text_color=&#8220;RGBA(255,255,255,0)&#8220; background_layout=&#8220;dark&#8220; global_colors_info=&#8220;{}&#8220;][\/et_pb_gallery][\/et_pb_column][\/et_pb_row][\/et_pb_section][et_pb_section fb_built=&#8220;1&#8243; admin_label=&#8220;Sektion&#8220; _builder_version=&#8220;4.16&#8243; collapsed=&#8220;on&#8220; global_colors_info=&#8220;{}&#8220;][et_pb_row _builder_version=&#8220;4.16&#8243; background_size=&#8220;initial&#8220; background_position=&#8220;top_left&#8220; background_repeat=&#8220;repeat&#8220; min_height=&#8220;347px&#8220; custom_margin=&#8220;-35px|auto||auto|false|false&#8220; custom_padding=&#8220;10px|0px|21.4px|0px|false|false&#8220; global_colors_info=&#8220;{}&#8220;][et_pb_column type=&#8220;4_4&#8243; _builder_version=&#8220;4.16&#8243; custom_padding=&#8220;|||&#8220; global_colors_info=&#8220;{}&#8220; custom_padding__hover=&#8220;|||&#8220;][et_pb_text admin_label=&#8220;Titel K\u00fcnstlerinnen zeigen Flagge&#8220; _builder_version=&#8220;4.16&#8243; _module_preset=&#8220;default&#8220; global_colors_info=&#8220;{}&#8220;]<\/p>\n<h2>K\u00fcnstler:innen zeigen Flagge<\/h2>\n<p>[\/et_pb_text][et_pb_text admin_label=&#8220; Text K\u00fcnstlerinnen zeigen Flagge&#8220; _builder_version=&#8220;4.17.4&#8243; global_colors_info=&#8220;{}&#8220;]<\/p>\n<p>5. GEILER BLOCK in der ehemaligen Fahnenfabrik an der Lindenstrasse 122 in St.Gallen.<br \/>41 Kunstschaffende aus SG, TG und AR zeigen ihre Arbeit.<br \/>DO 17. M\u00e4rz Vernissage 18:00 Uhr + FR 18. + SA 19. + SO 20. von 10:00 bis 22:00.<\/p>\n<p>Eine ausserordentliche Gelegenheit zu einer spontanen Zwischennutzung der Fahnenfabrik bevor Ende M\u00e4rz die Baumaschinen auffahren. Die gemeinn\u00fctzige Wohnbaugenossenschaft SeGeWo konnte die ehemalige Fahnenfabrik Stadelmann kaufen und erhielt im November 2021 die Baubewilligung f\u00fcr 22 Seniorinnenwohnungen inkl. Ateliers und G\u00e4stezimmer.<\/p>\n<p>Leila Bock, alias Anita Zimmermann ist direkt und intuitiv. Wo Geb\u00e4ude oder R\u00e4ume leer stehen nimmt Leila Bock Witterung auf, sei es auch nur f\u00fcr 3 Tage. Diesmal ist Leila Bock unterwegs mit dem Kunstschaffenden Stefan Rohner aus St.Gallen und l\u00e4dt zum 5. Geilen Block regionale Kunstschaffende aus den Kantonen SG, TG und AR ein, Flagge bzw. ihre Arbeiten zu zeigen.<\/p>\n<p>Fahnen sind heutzutage nicht mehr nur aus gen\u00e4htem Stoff, sondern oft auch digital.<\/p>\n<p>Jede:r K\u00fcnstler:in hat die M\u00f6glichkeit eine Fahne zu seiner\/ihrer \u00abPerson und Arbeit\u00bb zu pr\u00e4sentieren \u2013 das kann eine bestehende oder eine neue Arbeit sein. Wichtig ist, dass die Arbeit f\u00fcr sein\/ihr Gesamtwerk steht und \u00abungehemmt\u00bb sein\/ihr Werk vertritt. Die Gr\u00f6sse ist nicht relevant. Gen\u00e4hte oder gemalte Objekte sind aber auch sehr erw\u00fcnscht. Klein oder gross. Wir nehmen die Schliessung der Fahnenfabrik aber auch zum Anlass \u00fcber die technischen M\u00f6glichkeiten nachzudenken. Die Art der Pr\u00e4sentation obliegt den Kunstschaffenden, um die schnelle Aktion schlank zu halten. Der Arbeitstitel lautet: \u00abKunstschaffende zeigen Flagge\u00bb. Gewissermassen ein unfriendly take over der einstigen Firma.<\/p>\n<p>[\/et_pb_text][\/et_pb_column][\/et_pb_row][et_pb_row column_structure=&#8220;1_2,1_2&#8243; _builder_version=&#8220;4.16&#8243; _module_preset=&#8220;default&#8220; global_colors_info=&#8220;{}&#8220;][et_pb_column type=&#8220;1_2&#8243; _builder_version=&#8220;4.16&#8243; _module_preset=&#8220;default&#8220; global_colors_info=&#8220;{}&#8220;][\/et_pb_column][et_pb_column type=&#8220;1_2&#8243; _builder_version=&#8220;4.16&#8243; _module_preset=&#8220;default&#8220; global_colors_info=&#8220;{}&#8220;][et_pb_image src=&#8220;https:\/\/leilabock.ch\/wp-content\/uploads\/2022\/02\/IMG_3835-rotated.jpeg&#8220; title_text=&#8220;IMG_3835&#8243; _builder_version=&#8220;4.16&#8243; _module_preset=&#8220;default&#8220; global_colors_info=&#8220;{}&#8220;][\/et_pb_image][\/et_pb_column][\/et_pb_row][et_pb_row _builder_version=&#8220;4.16&#8243; background_size=&#8220;initial&#8220; background_position=&#8220;top_left&#8220; background_repeat=&#8220;repeat&#8220; min_height=&#8220;347px&#8220; custom_margin=&#8220;0px||0px||false|false&#8220; custom_padding=&#8220;0px|0px|0px|0px|true|false&#8220; animation_direction=&#8220;top&#8220; global_colors_info=&#8220;{}&#8220;][et_pb_column type=&#8220;4_4&#8243; _builder_version=&#8220;4.16&#8243; custom_padding=&#8220;|||&#8220; global_colors_info=&#8220;{}&#8220; custom_padding__hover=&#8220;|||&#8220;][et_pb_text admin_label=&#8220;Titel Programm&#8220; _builder_version=&#8220;4.16&#8243; _module_preset=&#8220;default&#8220; global_colors_info=&#8220;{}&#8220;]<\/p>\n<h2>Programm<\/h2>\n<p>[\/et_pb_text][et_pb_text admin_label=&#8220;Text Programm&#8220; _builder_version=&#8220;4.16&#8243; global_colors_info=&#8220;{}&#8220;]<\/p>\n<p><strong>Er\u00f6ffnung<\/strong><br \/>Donnerstag 17. M\u00e4rz 2022 18:00<br \/>Les Reines Prochaines 20:00<br \/><span color=\"#000000\">41 K\u00fcnstler:innen<\/span><\/p>\n<p><span color=\"#000000\"><strong>Begr\u00fcssung durch<\/strong><\/span><span color=\"#000000\"><br \/>Tanja Scartazzini, Leiterin Amt f\u00fcr Kultur Kanton St.Gallen<br \/>Kristin Schmidt, Co-Leiterin der Kulturf\u00f6rderung der Stadt St.Gallen<br \/><\/span><span color=\"#000000\">Leila Bock<\/span><\/p>\n<p>\u00dcber den ganzen Tag serviert Bea Gm\u00fcnder feines Essen und sch\u00f6ne Getr\u00e4nke an langen Tafeln.<\/p>\n<p><strong>\u00d6ffnungszeiten<br \/><\/strong>FR \/ SA \/ SO \u00a010:00 bis 22:00<\/p>\n<p>&nbsp;<\/p>\n<p>[\/et_pb_text][et_pb_text admin_label=&#8220;Titel Kunstschaffende&#8220; _builder_version=&#8220;4.16&#8243; _module_preset=&#8220;default&#8220; global_colors_info=&#8220;{}&#8220;]<\/p>\n<h2>Kunstschaffende<\/h2>\n<p>[\/et_pb_text][\/et_pb_column][\/et_pb_row][\/et_pb_section][et_pb_section fb_built=&#8220;1&#8243; admin_label=&#8220;Section&#8220; _builder_version=&#8220;4.16&#8243; custom_margin=&#8220;-20px||0px||false|false&#8220; custom_padding=&#8220;0px||0px||true|false&#8220; collapsed=&#8220;off&#8220; global_colors_info=&#8220;{}&#8220;][et_pb_row column_structure=&#8220;1_2,1_2&#8243; _builder_version=&#8220;4.16&#8243; background_size=&#8220;initial&#8220; background_position=&#8220;top_left&#8220; background_repeat=&#8220;repeat&#8220; min_height=&#8220;347px&#8220; custom_margin=&#8220;0px|auto|0px|auto|true|false&#8220; custom_padding=&#8220;0px|0px|0px|0px|false|false&#8220; global_colors_info=&#8220;{}&#8220;][et_pb_column type=&#8220;1_2&#8243; _builder_version=&#8220;4.16&#8243; custom_padding=&#8220;|||&#8220; global_colors_info=&#8220;{}&#8220; custom_padding__hover=&#8220;|||&#8220;][et_pb_text admin_label=&#8220;Kunstschaffende&#8220; _builder_version=&#8220;4.16&#8243; global_colors_info=&#8220;{}&#8220;]<\/p>\n<p><span>Alex Hanimann<\/span><\/p>\n<p><span>Andrea G. Corciulo<\/span><\/p>\n<p><span>Andy Guhl<\/span><\/p>\n<p><span>Andy Storchenegger<\/span><\/p>\n<p><span>Anita Zimmermann<\/span><\/p>\n<p><span>Beatrice D\u00f6rig<\/span><\/p>\n<p><span>Birgit Widmer<\/span><\/p>\n<p><span>Brigit Edelmann<\/span><\/p>\n<p><span>Christoph R\u00fctimann <\/span><\/p>\n<p><span>CK\u00d6<\/span><\/p>\n<p>Co Gr\u00fcndler<span><\/span><span><\/span><\/p>\n<p><span>Elisabeth Nembrini <\/span><\/p>\n<p><span>Frank+Patrik Riklin <\/span><\/p>\n<p><span>Fr\u00e4nzi Mad\u00f6rin<\/span><\/p>\n<p><span>germann\/lorenzi<\/span><\/p>\n<p><span>Guido von St\u00fcrler<\/span><\/p>\n<p><span>H.R. Fricker<\/span><\/p>\n<p><span>Herbert Weber<\/span><\/p>\n<p>Isabelle Krieg<\/p>\n<p><span>Josef Felix M\u00fcller\u00a0 <\/span><\/p>\n<p><span>Karin Karinna B\u00fchler<\/span><span><\/span><\/p>\n<p>[\/et_pb_text][\/et_pb_column][et_pb_column type=&#8220;1_2&#8243; _builder_version=&#8220;4.16&#8243; custom_padding=&#8220;|||&#8220; global_colors_info=&#8220;{}&#8220; custom_padding__hover=&#8220;|||&#8220;][et_pb_text admin_label=&#8220;Kunstschaffende&#8220; _builder_version=&#8220;4.16&#8243; global_colors_info=&#8220;{}&#8220;]<\/p>\n<p><span>Katja Schenker<\/span><\/p>\n<p><span>lutz &amp; guggisberg<\/span><\/p>\n<p><span>Marianne Rinderknecht <\/span><\/p>\n<p><span>Mirjam Kradolfer <\/span><\/p>\n<p><span>Monika Sennhauser <\/span><\/p>\n<p><span>Muda Matthis <\/span><\/p>\n<p><span>Othmar Eder <\/span><\/p>\n<p><span>Raoul Dor\u00e9<\/span><\/p>\n<p><span>Regula Engeler<\/span><\/p>\n<p><span>Simone Kappeler<\/span><\/p>\n<p><span>Sonja R\u00fcegg<\/span><\/p>\n<p><span>Susanne Hofer<\/span><\/p>\n<p><span>Stefan Rohner <\/span><\/p>\n<p><span>steffensch\u00f6ni <\/span><\/p>\n<p><span>Sus Zwick<\/span><\/p>\n<p><span>Thomas St\u00fcssi<\/span><\/p>\n<p><span>Tine Edel<\/span><\/p>\n<p><span>Ute Klein<\/span><\/p>\n<p><span>Victorine M\u00fcller<\/span><\/p>\n<p><span>Z\u00fcndwerk<\/span><\/p>\n<p><span><\/span><\/p>\n<p>[\/et_pb_text][\/et_pb_column][\/et_pb_row][et_pb_row _builder_version=&#8220;4.16&#8243; global_colors_info=&#8220;{}&#8220;][et_pb_column type=&#8220;4_4&#8243; _builder_version=&#8220;4.16&#8243; custom_padding=&#8220;|||&#8220; global_colors_info=&#8220;{}&#8220; custom_padding__hover=&#8220;|||&#8220;][et_pb_divider show_divider=&#8220;off&#8220; _builder_version=&#8220;4.16&#8243; _module_preset=&#8220;default&#8220; height=&#8220;50px&#8220; global_colors_info=&#8220;{}&#8220;][\/et_pb_divider][et_pb_text admin_label=&#8220;Titel weitere Beteiligte&#8220; _builder_version=&#8220;4.17.4&#8243; _module_preset=&#8220;default&#8220; global_colors_info=&#8220;{}&#8220;]<\/p>\n<h2>weitere Beteiligte<\/h2>\n<p>[\/et_pb_text][et_pb_text admin_label=&#8220;weitere Beteiligte aufgelistet&#8220; _builder_version=&#8220;4.17.4&#8243; global_colors_info=&#8220;{}&#8220; hover_enabled=&#8220;0&#8243; sticky_enabled=&#8220;0&#8243;]<\/p>\n<p>Anita Zimmermann (Initiantin und k\u00fcnstlerische Leiterin)<\/p>\n<p>Stefan Rohner (k\u00fcnstlerischer Leiter)<\/p>\n<p>Liselotte Hunziker (Produktion)<\/p>\n<p>Jacques Erlanger (Produktion)<\/p>\n<p>[\/et_pb_text][et_pb_divider show_divider=&#8220;off&#8220; _builder_version=&#8220;4.16&#8243; _module_preset=&#8220;default&#8220; height=&#8220;50px&#8220; global_colors_info=&#8220;{}&#8220;][\/et_pb_divider][et_pb_text admin_label=&#8220;Titel Presseartikel&#8220; _builder_version=&#8220;4.16&#8243; _module_preset=&#8220;default&#8220; global_colors_info=&#8220;{}&#8220;]<\/p>\n<h2>Presseartikel<\/h2>\n<p>[\/et_pb_text][et_pb_text admin_label=&#8220;Presseartikel&#8220; _builder_version=&#8220;4.17.4&#8243; global_colors_info=&#8220;{}&#8220; hover_enabled=&#8220;0&#8243; sticky_enabled=&#8220;0&#8243;]<\/p>\n<p><a href=\"https:\/\/leilabock.ch\/wp-content\/uploads\/2022\/01\/Tagblatt-online-25.1.2022.pdf\">Tagblatt, 25. Januar 2022<\/a><\/p>\n<p><a href=\"https:\/\/leilabock.ch\/wp-content\/uploads\/2022\/02\/Saiten.pdf\" rel=\"attachment wp-att-3288\">Saiten, Februar 2022<\/a><\/p>\n<p><a href=\"https:\/\/leilabock.ch\/wp-content\/uploads\/2022\/03\/Tagblatt-16.-Ma\u0308rz-2022.pdf\" rel=\"attachment wp-att-3490\">Tagblatt 16. Ma\u0308rz 2022<\/a><\/p>\n<blockquote class=\"wp-embedded-content\" data-secret=\"RotQylgkeE\"><p><a href=\"https:\/\/www.saiten.ch\/kunst-braucht-show\/\">\u00abKunst braucht Show\u00bb<\/a><\/p><\/blockquote>\n<p><iframe loading=\"lazy\" class=\"wp-embedded-content\" sandbox=\"allow-scripts\" security=\"restricted\" style=\"position: absolute; clip: rect(1px, 1px, 1px, 1px);\" title=\"&#8222;\u00abKunst braucht Show\u00bb&#8220; &#8212; Saiten - Ostschweizer Kulturmagazin und Veranstaltungskalender\" src=\"https:\/\/www.saiten.ch\/kunst-braucht-show\/embed\/#?secret=KDkn3B1TQ3#?secret=RotQylgkeE\" data-secret=\"RotQylgkeE\" width=\"600\" height=\"338\" frameborder=\"0\" marginwidth=\"0\" marginheight=\"0\" scrolling=\"no\"><\/iframe><\/p>\n<p>[\/et_pb_text][et_pb_divider show_divider=&#8220;off&#8220; _builder_version=&#8220;4.16&#8243; _module_preset=&#8220;default&#8220; height=&#8220;50px&#8220; global_colors_info=&#8220;{}&#8220;][\/et_pb_divider][et_pb_text admin_label=&#8220;Titel Partner&#8220; _builder_version=&#8220;4.16&#8243; _module_preset=&#8220;default&#8220; global_colors_info=&#8220;{}&#8220;]<\/p>\n<h2>Partner<\/h2>\n<p>[\/et_pb_text][et_pb_text admin_label=&#8220;Partner aufgelistet&#8220; _builder_version=&#8220;4.16&#8243; text_font=&#8220;||||||||&#8220; text_text_color=&#8220;#001ec9&#8243; min_height=&#8220;236px&#8220; global_colors_info=&#8220;{}&#8220;]<\/p>\n<p>Arnold Billwiller Stiftung<\/p>\n<p>Hans und Wilma Stutz Stiftung<span><\/span><\/p>\n<p><span>Kanton Appenzell Ausserrhoden<\/span><\/p>\n<p><span>Kanton St.Gallen<\/span><\/p>\n<p><span>Kulturstiftung des Kanton Thurgau<\/span><\/p>\n<p><span>Lienhard-Stiftung<\/span><\/p>\n<p>SeGeWo Wohnbaugenossenschaft St.Gallen<\/p>\n<p><span>Stadt St.Gallen<\/span><\/p>\n<p><span>Susanne und Martin Knechtli-Kradolfer-Stiftung<\/span><\/p>\n<p>[\/et_pb_text][\/et_pb_column][\/et_pb_row][\/et_pb_section]<\/p>\n","protected":false},"excerpt":{"rendered":"<p>Geiler Block Fahnenfabrik SG17.\u201320. M\u00e4rz 2022WerkeFotos von Stefan Rohner,\u00a0 Jacques Erlanger, Marianne Rinderknecht und Anita Zimmermann &nbsp;People Fotos von Stefan Rohner,\u00a0 Jacques Erlanger, Marianne Rinderknecht und Anita ZimmermannK\u00fcnstler:innen zeigen Flagge5. GEILER BLOCK in der ehemaligen Fahnenfabrik an der Lindenstrasse 122 in St.Gallen.41 Kunstschaffende aus SG, TG und AR zeigen ihre Arbeit.DO 17. M\u00e4rz Vernissage 18:00 [&hellip;]<\/p>\n","protected":false},"author":1,"featured_media":0,"parent":0,"menu_order":0,"comment_status":"closed","ping_status":"closed","template":"","meta":{"_et_pb_use_builder":"on","_et_pb_old_content":"","_et_gb_content_width":"","footnotes":""},"class_list":["post-2951","page","type-page","status-publish","hentry"],"yoast_head":"<!-- This site is optimized with the Yoast SEO plugin v27.4 - https:\/\/yoast.com\/product\/yoast-seo-wordpress\/ -->\n<title>Geiler Block Fahnenfabrik SG &#8211; Leila Bocks Projekte<\/title>\n<meta name=\"robots\" content=\"index, follow, max-snippet:-1, max-image-preview:large, max-video-preview:-1\" \/>\n<link rel=\"canonical\" href=\"https:\/\/leilabock.ch\/index.php\/geiler-block-fahnenfabrik-sg\/\" \/>\n<meta property=\"og:locale\" content=\"de_DE\" \/>\n<meta property=\"og:type\" content=\"article\" \/>\n<meta property=\"og:title\" content=\"Geiler Block Fahnenfabrik SG &#8211; Leila Bocks Projekte\" \/>\n<meta property=\"og:description\" content=\"Geiler Block Fahnenfabrik SG17.\u201320. M\u00e4rz 2022WerkeFotos von Stefan Rohner,\u00a0 Jacques Erlanger, Marianne Rinderknecht und Anita Zimmermann &nbsp;People Fotos von Stefan Rohner,\u00a0 Jacques Erlanger, Marianne Rinderknecht und Anita ZimmermannK\u00fcnstler:innen zeigen Flagge5. GEILER BLOCK in der ehemaligen Fahnenfabrik an der Lindenstrasse 122 in St.Gallen.41 Kunstschaffende aus SG, TG und AR zeigen ihre Arbeit.DO 17. M\u00e4rz Vernissage 18:00 [&hellip;]\" \/>\n<meta property=\"og:url\" content=\"https:\/\/leilabock.ch\/index.php\/geiler-block-fahnenfabrik-sg\/\" \/>\n<meta property=\"og:site_name\" content=\"Leila Bocks Projekte\" \/>\n<meta property=\"article:modified_time\" content=\"2022-06-02T07:13:33+00:00\" \/>\n<meta name=\"twitter:card\" content=\"summary_large_image\" \/>\n<meta name=\"twitter:label1\" content=\"Gesch\u00e4tzte Lesezeit\" \/>\n\t<meta name=\"twitter:data1\" content=\"45\u00a0Minuten\" \/>\n<script type=\"application\/ld+json\" class=\"yoast-schema-graph\">{\"@context\":\"https:\\\/\\\/schema.org\",\"@graph\":[{\"@type\":\"WebPage\",\"@id\":\"https:\\\/\\\/leilabock.ch\\\/index.php\\\/geiler-block-fahnenfabrik-sg\\\/\",\"url\":\"https:\\\/\\\/leilabock.ch\\\/index.php\\\/geiler-block-fahnenfabrik-sg\\\/\",\"name\":\"Geiler Block Fahnenfabrik SG &#8211; Leila Bocks Projekte\",\"isPartOf\":{\"@id\":\"https:\\\/\\\/leilabock.ch\\\/#website\"},\"datePublished\":\"2022-01-15T22:48:10+00:00\",\"dateModified\":\"2022-06-02T07:13:33+00:00\",\"breadcrumb\":{\"@id\":\"https:\\\/\\\/leilabock.ch\\\/index.php\\\/geiler-block-fahnenfabrik-sg\\\/#breadcrumb\"},\"inLanguage\":\"de\",\"potentialAction\":[{\"@type\":\"ReadAction\",\"target\":[\"https:\\\/\\\/leilabock.ch\\\/index.php\\\/geiler-block-fahnenfabrik-sg\\\/\"]}]},{\"@type\":\"BreadcrumbList\",\"@id\":\"https:\\\/\\\/leilabock.ch\\\/index.php\\\/geiler-block-fahnenfabrik-sg\\\/#breadcrumb\",\"itemListElement\":[{\"@type\":\"ListItem\",\"position\":1,\"name\":\"Startseite\",\"item\":\"https:\\\/\\\/leilabock.ch\\\/\"},{\"@type\":\"ListItem\",\"position\":2,\"name\":\"Geiler Block Fahnenfabrik SG\"}]},{\"@type\":\"WebSite\",\"@id\":\"https:\\\/\\\/leilabock.ch\\\/#website\",\"url\":\"https:\\\/\\\/leilabock.ch\\\/\",\"name\":\"Leila Bocks Projekte\",\"description\":\"\",\"publisher\":{\"@id\":\"https:\\\/\\\/leilabock.ch\\\/#\\\/schema\\\/person\\\/114aad5f412545ab9aa63d24413b0250\"},\"potentialAction\":[{\"@type\":\"SearchAction\",\"target\":{\"@type\":\"EntryPoint\",\"urlTemplate\":\"https:\\\/\\\/leilabock.ch\\\/?s={search_term_string}\"},\"query-input\":{\"@type\":\"PropertyValueSpecification\",\"valueRequired\":true,\"valueName\":\"search_term_string\"}}],\"inLanguage\":\"de\"},{\"@type\":[\"Person\",\"Organization\"],\"@id\":\"https:\\\/\\\/leilabock.ch\\\/#\\\/schema\\\/person\\\/114aad5f412545ab9aa63d24413b0250\",\"name\":\"Anita Zimmermann\",\"logo\":{\"@id\":\"https:\\\/\\\/leilabock.ch\\\/#\\\/schema\\\/person\\\/image\\\/\"},\"sameAs\":[\"http:\\\/\\\/leilabock.ch\"]}]}<\/script>\n<!-- \/ Yoast SEO plugin. -->","yoast_head_json":{"title":"Geiler Block Fahnenfabrik SG &#8211; Leila Bocks Projekte","robots":{"index":"index","follow":"follow","max-snippet":"max-snippet:-1","max-image-preview":"max-image-preview:large","max-video-preview":"max-video-preview:-1"},"canonical":"https:\/\/leilabock.ch\/index.php\/geiler-block-fahnenfabrik-sg\/","og_locale":"de_DE","og_type":"article","og_title":"Geiler Block Fahnenfabrik SG &#8211; Leila Bocks Projekte","og_description":"Geiler Block Fahnenfabrik SG17.\u201320. M\u00e4rz 2022WerkeFotos von Stefan Rohner,\u00a0 Jacques Erlanger, Marianne Rinderknecht und Anita Zimmermann &nbsp;People Fotos von Stefan Rohner,\u00a0 Jacques Erlanger, Marianne Rinderknecht und Anita ZimmermannK\u00fcnstler:innen zeigen Flagge5. GEILER BLOCK in der ehemaligen Fahnenfabrik an der Lindenstrasse 122 in St.Gallen.41 Kunstschaffende aus SG, TG und AR zeigen ihre Arbeit.DO 17. M\u00e4rz Vernissage 18:00 [&hellip;]","og_url":"https:\/\/leilabock.ch\/index.php\/geiler-block-fahnenfabrik-sg\/","og_site_name":"Leila Bocks Projekte","article_modified_time":"2022-06-02T07:13:33+00:00","twitter_card":"summary_large_image","twitter_misc":{"Gesch\u00e4tzte Lesezeit":"45\u00a0Minuten"},"schema":{"@context":"https:\/\/schema.org","@graph":[{"@type":"WebPage","@id":"https:\/\/leilabock.ch\/index.php\/geiler-block-fahnenfabrik-sg\/","url":"https:\/\/leilabock.ch\/index.php\/geiler-block-fahnenfabrik-sg\/","name":"Geiler Block Fahnenfabrik SG &#8211; Leila Bocks Projekte","isPartOf":{"@id":"https:\/\/leilabock.ch\/#website"},"datePublished":"2022-01-15T22:48:10+00:00","dateModified":"2022-06-02T07:13:33+00:00","breadcrumb":{"@id":"https:\/\/leilabock.ch\/index.php\/geiler-block-fahnenfabrik-sg\/#breadcrumb"},"inLanguage":"de","potentialAction":[{"@type":"ReadAction","target":["https:\/\/leilabock.ch\/index.php\/geiler-block-fahnenfabrik-sg\/"]}]},{"@type":"BreadcrumbList","@id":"https:\/\/leilabock.ch\/index.php\/geiler-block-fahnenfabrik-sg\/#breadcrumb","itemListElement":[{"@type":"ListItem","position":1,"name":"Startseite","item":"https:\/\/leilabock.ch\/"},{"@type":"ListItem","position":2,"name":"Geiler Block Fahnenfabrik SG"}]},{"@type":"WebSite","@id":"https:\/\/leilabock.ch\/#website","url":"https:\/\/leilabock.ch\/","name":"Leila Bocks Projekte","description":"","publisher":{"@id":"https:\/\/leilabock.ch\/#\/schema\/person\/114aad5f412545ab9aa63d24413b0250"},"potentialAction":[{"@type":"SearchAction","target":{"@type":"EntryPoint","urlTemplate":"https:\/\/leilabock.ch\/?s={search_term_string}"},"query-input":{"@type":"PropertyValueSpecification","valueRequired":true,"valueName":"search_term_string"}}],"inLanguage":"de"},{"@type":["Person","Organization"],"@id":"https:\/\/leilabock.ch\/#\/schema\/person\/114aad5f412545ab9aa63d24413b0250","name":"Anita Zimmermann","logo":{"@id":"https:\/\/leilabock.ch\/#\/schema\/person\/image\/"},"sameAs":["http:\/\/leilabock.ch"]}]}},"_links":{"self":[{"href":"https:\/\/leilabock.ch\/index.php\/wp-json\/wp\/v2\/pages\/2951","targetHints":{"allow":["GET"]}}],"collection":[{"href":"https:\/\/leilabock.ch\/index.php\/wp-json\/wp\/v2\/pages"}],"about":[{"href":"https:\/\/leilabock.ch\/index.php\/wp-json\/wp\/v2\/types\/page"}],"author":[{"embeddable":true,"href":"https:\/\/leilabock.ch\/index.php\/wp-json\/wp\/v2\/users\/1"}],"replies":[{"embeddable":true,"href":"https:\/\/leilabock.ch\/index.php\/wp-json\/wp\/v2\/comments?post=2951"}],"version-history":[{"count":271,"href":"https:\/\/leilabock.ch\/index.php\/wp-json\/wp\/v2\/pages\/2951\/revisions"}],"predecessor-version":[{"id":4304,"href":"https:\/\/leilabock.ch\/index.php\/wp-json\/wp\/v2\/pages\/2951\/revisions\/4304"}],"wp:attachment":[{"href":"https:\/\/leilabock.ch\/index.php\/wp-json\/wp\/v2\/media?parent=2951"}],"curies":[{"name":"wp","href":"https:\/\/api.w.org\/{rel}","templated":true}]}}